{"id":1611,"date":"2025-04-16T08:56:47","date_gmt":"2025-04-16T08:56:47","guid":{"rendered":"https:\/\/itu-app42363.pagelyhosting.com\/rrb\/useful-information-around-itu\/"},"modified":"2025-06-30T09:04:52","modified_gmt":"2025-06-30T09:04:52","slug":"useful-information-around-itu","status":"publish","type":"page","link":"https:\/\/itu-app42363.pagelyhosting.com\/rrb\/es\/useful-information-around-itu\/","title":{"rendered":"Informaci\u00f3n \u00fatil sobre la UIT"},"content":{"rendered":"    <div class=\"ituContainer grid\">\n        <div data-span=\"12\">\n                                <div class=\"ituContainer grid\">\n                        <div data-span=\"6\">\n                    <div class=\"ituContainer\">\n<h2 class=\"wp-block-heading\">Sede de la UIT en Ginebra<\/h2>\n<\/div>                    <div class=\"ituContainer\">\n<p class=\"wp-block-paragraph\">Place des Nations, 1211 Ginebra 20 Suiza<br>est\u00e1n convenientemente situadas con vistas a la Place des Nations, en el coraz\u00f3n del distrito de las Naciones Unidas de Ginebra.<\/p>\n<\/div>                    <div class=\"ituContainer\">\n<p class=\"wp-block-paragraph\">El acceso es f\u00e1cil a pie o en transporte privado o utilizando el transporte p\u00fablico como se describe a continuaci\u00f3n.<\/p>\n<\/div>                    <div class=\"ituContainer\">\n<p class=\"wp-block-paragraph\">Los n\u00fameros de oficina de los tres edificios empiezan por M, T y V, respectivamente.<\/p>\n<\/div>            <\/div>\n                        <div data-span=\"6\">\n                    \t\t\t<div data-aos= \"fade\" data-aos-duration=\"400\" data-aos-delay=\"0\" data-aos-easing=\"ease\" data-aos-once=\"true\" \n\t\t\tclass=\"wp-block-uagb-google-map uagb-google-map__wrap uagb-block-9045379a     \"\n\t\t\tstyle=\"\" >\n\t\t\t\t<embed\n\t\t\t\t\tclass=\"uagb-google-map__iframe\"\n\t\t\t\t\ttitle=\"Mapa de Google de\"\n\t\t\t\t\tsrc=\"https:\/\/maps.google.com\/maps?q=International%20Telecommunication%20Union%20%28ITU%29&#038;z=12&#038;hl=en&#038;t=m&#038;output=embed&#038;iwloc=near\"\n\t\t\t\t\twidth=\"640\"\n\t\t\t\t\theight=\"300\"\n\t\t\t\t\tloading=\"lazy\"\n\t\t\t\t><\/embed>\n\t\t\t<\/div>\n\t\t\t            <\/div>\n            <\/div>\n                                <section>\n            <div class=\"ituContainer\" >\n        <h2 className=\"h3\"><\/h2>\n            <\/div>\n\t\t\t\t\n\t                    <div class=\"ituContainer grid mb1\">\n                    <a class=\"ituCard anim\" data-span=\"6\" style=\"padding: 0.5rem 1rem;\" href=\"https:\/\/www.itu.int\/en\/ITU-R\/information\/events\/Documents\/ITU%20Circulation%20Plan.pdf\" rel=\"noopener noreferrer\">\n        <div class=\"content\">\n            <div class=\"main ituIcnLnk docList\">\n                <i class=\"fal fa-file\"><\/i><span>pdf<\/span><strong>Plan de circulaci\u00f3n de la UIT<\/strong>            <\/div>\n        <\/div>\n    <\/a>\n            <\/div>\n            <\/section>\n                                <section>\n        <div class=\"ituContainer grid\">\n                                                <div data-span=\"3\">\n                    \n<div class=\"wp-block-brblocks-cards-modal itu-cards-icons-item ituCard layout-default\" data-close-on-overlay-click=\"true\"><img decoding=\"async\" src=\"https:\/\/itu-app42363.pagelyhosting.com\/br-staging\/wp-content\/uploads\/sites\/33\/2024\/05\/IT-facilities.png\" alt=\"Icon\" class=\"card-icon \"\/><h2 class=\"card-title\">Instalaciones de TI<\/h2><p class=\"card-description\"><\/p><div class=\"modal-overlay\"><\/div><div class=\"modal-content\"><div class=\"modal-header\"><div style=\"display:flex;align-items:center;flex:1\"><h2 class=\"modal-title\">Instalaciones de TI<\/h2><p class=\"card-description\"><\/p><\/div><span class=\"modal-close\">\u00d7<\/span><\/div><div class=\"scrollable-content\"><div class=\"ituContainer\">\n<h2 class=\"wp-block-heading has-text-align-left\">Acceso a Internet<\/h2>\n<\/div>\n\n<div class=\"ituContainer\">\n<p class=\"wp-block-paragraph\"><strong>Acceso al\u00e1mbrico a Internet&nbsp;<\/strong>est\u00e1 disponible en las salas de reuni\u00f3n H, K, L, M y Popov de la UIT, as\u00ed como en el cibercaf\u00e9.<\/p>\n<\/div>\n\n<div class=\"ituContainer\">\n<p class=\"wp-block-paragraph\"><strong>Acceso inal\u00e1mbrico a Internet&nbsp;<\/strong>est\u00e1 disponible en todas las instalaciones de la UIT.<\/p>\n<\/div>\n\n<div class=\"ituContainer\">\n<p class=\"wp-block-paragraph\">Para eventos en el CICG, s\u00edrvase seguir las instrucciones de conectividad inal\u00e1mbrica que se proporcionan en el lugar.<\/p>\n<\/div>\n\n<div class=\"ituContainer\">\n<p class=\"wp-block-paragraph\"><a href=\"https:\/\/www.itu.int\/en\/general-secretariat\/ICT-Services\/Pages\/default.aspx\" target=\"_blank\" rel=\"noreferrer noopener\">M\u00e1s informaci\u00f3n sobre la conectividad LAN inal\u00e1mbrica de la UIT&nbsp;<\/a>(S\u00f3lo en ingl\u00e9s)<\/p>\n<\/div>\n\n<div class=\"ituContainer\">\n<h2 class=\"wp-block-heading\">Acceso a PC e impresoras<\/h2>\n<\/div>\n\n<div class=\"ituContainer\">\n<p class=\"wp-block-paragraph\">Se dispone de PC con teclado multiling\u00fce e impresoras de red en el segundo s\u00f3tano del edificio de la Torre de la UIT.<\/p>\n<\/div>\n\n<div class=\"ituContainer\">\n<p class=\"wp-block-paragraph\"><a href=\"https:\/\/www.itu.int\/en\/general-secretariat\/ICT-Services\/Pages\/default.aspx\" target=\"_blank\" rel=\"noreferrer noopener\">M\u00e1s informaci\u00f3n sobre el acceso a los PC e impresoras de la UIT&nbsp;<\/a>(S\u00f3lo en ingl\u00e9s)<\/p>\n<\/div>\n\n<div class=\"ituContainer\">\n<h2 class=\"wp-block-heading\">Soporte de TI<\/h2>\n<\/div>\n\n<div class=\"ituContainer\">\n<p class=\"wp-block-paragraph\">Los delegados pueden solicitar ayuda en el Servicio de Asistencia situado en la planta baja del edificio Montbrillant de la UIT (despacho M03a).<\/p>\n<\/div>\n\n<div class=\"ituContainer\">\n<p class=\"wp-block-paragraph\"><a href=\"https:\/\/www.itu.int\/en\/general-secretariat\/ICT-Services\/Pages\/default.aspx\" target=\"_blank\" rel=\"noreferrer noopener\">Haga clic aqu\u00ed para ponerse en contacto con el Servicio de Atenci\u00f3n al Cliente&nbsp;<\/a>.<\/p>\n<\/div>\n\n<div class=\"ituContainer\">\n<h2 class=\"wp-block-heading\">Electricidad<\/h2>\n<\/div>\n\n<div class=\"ituContainer\">\n<p class=\"has-text-align-left wp-block-paragraph\">Los enchufes de 230 V y 50 Hz con adaptadores de norma suiza (de EE.UU. a Suiza o de Europa a Suiza, del Reino Unido a Suiza) pueden adquirirse en la librer\u00eda de la UIT situada en la entrada del edificio Montbrillant de la UIT<\/p>\n<\/div><\/div><\/div><\/div>\n            <\/div>\n                                                <div data-span=\"3\">\n                    \n<div class=\"wp-block-brblocks-cards-modal itu-cards-icons-item ituCard layout-default\" data-close-on-overlay-click=\"true\"><img decoding=\"async\" src=\"https:\/\/itu-app42363.pagelyhosting.com\/br-staging\/wp-content\/uploads\/sites\/33\/2024\/05\/cafeteria.png\" alt=\"Icon\" class=\"card-icon \"\/><h2 class=\"card-title\">Restaurantes<\/h2><p class=\"card-description\"><\/p><div class=\"modal-overlay\"><\/div><div class=\"modal-content\"><div class=\"modal-header\"><div style=\"display:flex;align-items:center;flex:1\"><h2 class=\"modal-title\">Restaurantes<\/h2><p class=\"card-description\"><\/p><\/div><span class=\"modal-close\">\u00d7<\/span><\/div><div class=\"scrollable-content\"><div class=\"ituContainer\">\n<p class=\"wp-block-paragraph\">Hay una cafeter\u00eda de autoservicio entre los edificios de Varemb\u00e9 (V) y Montbrillant (M) de la UIT.<\/p>\n<\/div><\/div><\/div><\/div>\n            <\/div>\n                                                <div data-span=\"3\">\n                    \n<div class=\"wp-block-brblocks-cards-modal itu-cards-icons-item ituCard layout-default\" data-close-on-overlay-click=\"true\"><img decoding=\"async\" src=\"https:\/\/itu-app42363.pagelyhosting.com\/br-staging\/wp-content\/uploads\/sites\/33\/2024\/05\/public-transport.png\" alt=\"Icon\" class=\"card-icon \"\/><h2 class=\"card-title\">Transporte p\u00fablico<\/h2><p class=\"card-description\"><\/p><div class=\"modal-overlay\"><\/div><div class=\"modal-content\"><div class=\"modal-header\"><div style=\"display:flex;align-items:center;flex:1\"><h2 class=\"modal-title\">Transporte p\u00fablico<\/h2><p class=\"card-description\"><\/p><\/div><span class=\"modal-close\">\u00d7<\/span><\/div><div class=\"scrollable-content\"><div class=\"ituContainer\">\n<p class=\"wp-block-paragraph\">Hay varias paradas de autob\u00fas\/tranv\u00eda en las inmediaciones de la UIT (tranv\u00eda 15 y l\u00edneas de autob\u00fas, 5, 8, 22, 60, 61, F, V, Z). El sistema de transporte p\u00fablico de Ginebra es operado por el&nbsp;<a href=\"http:\/\/www.tpg.ch\/\" target=\"_blank\" rel=\"noreferrer noopener\">Transports publics genevois (TPG)<\/a><\/p>\n<\/div><\/div><\/div><\/div>\n            <\/div>\n                                                <div data-span=\"3\">\n                    \n<div class=\"wp-block-brblocks-cards-modal itu-cards-icons-item ituCard layout-default\" data-close-on-overlay-click=\"true\"><img decoding=\"async\" src=\"https:\/\/itu-app42363.pagelyhosting.com\/br-staging\/wp-content\/uploads\/sites\/33\/2024\/05\/parking.png\" alt=\"Icon\" class=\"card-icon \"\/><h2 class=\"card-title\">Aparcamiento<\/h2><p class=\"card-description\"><\/p><div class=\"modal-overlay\"><\/div><div class=\"modal-content\"><div class=\"modal-header\"><div style=\"display:flex;align-items:center;flex:1\"><h2 class=\"modal-title\">Aparcamiento<\/h2><p class=\"card-description\"><\/p><\/div><span class=\"modal-close\">\u00d7<\/span><\/div><div class=\"scrollable-content\"><div class=\"ituContainer\">\n<p class=\"wp-block-paragraph\"><a href=\"javascript:void(0)\">El aparcamiento est\u00e1 disponible en el&nbsp;<\/a><a href=\"https:\/\/www.geneve-parking.ch\/fr\/parkings\/place-des-nations\" target=\"_blank\" rel=\"noreferrer noopener\">Parking des Nations&nbsp;<\/a>, adyacente a la UIT.<\/p>\n<\/div><\/div><\/div><\/div>\n            <\/div>\n                                                <div data-span=\"3\">\n                    \n<div class=\"wp-block-brblocks-cards-modal itu-cards-icons-item ituCard layout-default\" data-close-on-overlay-click=\"true\"><img decoding=\"async\" src=\"https:\/\/itu-app42363.pagelyhosting.com\/br-staging\/wp-content\/uploads\/sites\/33\/2024\/05\/medical.png\" alt=\"Icon\" class=\"card-icon \"\/><h2 class=\"card-title\">Servicio M\u00e9dico<\/h2><p class=\"card-description\"><\/p><div class=\"modal-overlay\"><\/div><div class=\"modal-content\"><div class=\"modal-header\"><div style=\"display:flex;align-items:center;flex:1\"><h2 class=\"modal-title\">Servicio M\u00e9dico<\/h2><p class=\"card-description\"><\/p><\/div><span class=\"modal-close\">\u00d7<\/span><\/div><div class=\"scrollable-content\"><div class=\"ituContainer\">\n<p class=\"wp-block-paragraph\">Los servicios de una enfermera est\u00e1n a disposici\u00f3n de los participantes en la reuni\u00f3n. El servicio m\u00e9dico se encuentra en la planta baja del edificio Varemb\u00e9 (V) de la UIT (Oficina V16 \u2013 extensi\u00f3n: 5397).<\/p>\n<\/div>\n\n<div class=\"ituContainer\">\n<p class=\"wp-block-paragraph\">En caso de emergencia, los participantes pueden ponerse en contacto con el Servicio de Seguridad, extensi\u00f3n 119.<\/p>\n<\/div><\/div><\/div><\/div>\n            <\/div>\n                                                <div data-span=\"3\">\n                    \n<div class=\"wp-block-brblocks-cards-modal itu-cards-icons-item ituCard layout-default\" data-close-on-overlay-click=\"true\"><img decoding=\"async\" src=\"https:\/\/itu-app42363.pagelyhosting.com\/br-staging\/wp-content\/uploads\/sites\/33\/2024\/05\/bank-1.png\" alt=\"Icon\" class=\"card-icon \"\/><h2 class=\"card-title\">Banco<\/h2><p class=\"card-description\"><\/p><div class=\"modal-overlay\"><\/div><div class=\"modal-content\"><div class=\"modal-header\"><div style=\"display:flex;align-items:center;flex:1\"><h2 class=\"modal-title\">Banco<\/h2><p class=\"card-description\"><\/p><\/div><span class=\"modal-close\">\u00d7<\/span><\/div><div class=\"scrollable-content\"><div class=\"ituContainer\">\n<p class=\"wp-block-paragraph\">Un banco est\u00e1 situado frente a la entrada de la Torre de la UIT. Los servicios de cambio de divisas y otros servicios est\u00e1n disponibles de lunes a viernes, de 08.30 a 16.30 horas.<\/p>\n<\/div><\/div><\/div><\/div>\n            <\/div>\n                                                <div data-span=\"3\">\n                    \n<div class=\"wp-block-brblocks-cards-modal itu-cards-icons-item ituCard layout-default\" data-close-on-overlay-click=\"true\"><img decoding=\"async\" src=\"https:\/\/itu-app42363.pagelyhosting.com\/br-staging\/wp-content\/uploads\/sites\/33\/2024\/05\/mailbox.png\" alt=\"Icon\" class=\"card-icon \"\/><h2 class=\"card-title\">Oficina de correos<\/h2><p class=\"card-description\"><\/p><div class=\"modal-overlay\"><\/div><div class=\"modal-content\"><div class=\"modal-header\"><div style=\"display:flex;align-items:center;flex:1\"><h2 class=\"modal-title\">Oficina de correos<\/h2><p class=\"card-description\"><\/p><\/div><span class=\"modal-close\">\u00d7<\/span><\/div><div class=\"scrollable-content\"><div class=\"ituContainer\">\n<p class=\"wp-block-paragraph\">Hay una oficina de correos situada en la rue de Varemb\u00e9 15, junto a la entrada del CICG \u00abCentre International des Conf\u00e9rences de Gen\u00e8ve\u00bb.<\/p>\n<\/div><\/div><\/div><\/div>\n            <\/div>\n                                                <div data-span=\"3\">\n                    \n<div class=\"wp-block-brblocks-cards-modal itu-cards-icons-item ituCard layout-default\" data-close-on-overlay-click=\"true\"><img decoding=\"async\" src=\"https:\/\/itu-app42363.pagelyhosting.com\/rrb\/wp-content\/uploads\/sites\/72\/2024\/04\/meeting.png\" alt=\"Icon\" class=\"card-icon \"\/><h2 class=\"card-title\">CICG &amp; CCV \u2013 Centre International des Conf\u00e9rences Gen\u00e8ve<\/h2><p class=\"card-description\"><\/p><div class=\"modal-overlay\"><\/div><div class=\"modal-content\"><div class=\"modal-header\"><div style=\"display:flex;align-items:center;flex:1\"><h2 class=\"modal-title\">CICG &amp; CCV \u2013 Centre International des Conf\u00e9rences Gen\u00e8ve<\/h2><p class=\"card-description\"><\/p><\/div><span class=\"modal-close\">\u00d7<\/span><\/div><div class=\"scrollable-content\"><div class=\"ituContainer\">\n<p class=\"wp-block-paragraph\"><strong>Los mostradores de acreditaci\u00f3n de los delegados est\u00e1n situados en la entrada de la&nbsp;<\/strong><a href=\"https:\/\/maps.google.ca\/maps?q=Rue+de+Varemb%C3%A9+2%2c+Geneva%2c+Suisse&amp;hl=en&amp;ie=UTF8&amp;sll=45.47848%2c9.320967&amp;sspn=0.48868%2c0.837021&amp;oq=2+rue+de+Varemb%C3%A9%2c+Geneva&amp;t=v&amp;hnear=Rue+de+Varemb%C3%A9+2%2c+Servette+-+Petit-Saconnex%2c+1202+Gen%C3%A8ve%2c+Switzerland&amp;z=17\" target=\"_blank\" rel=\"noreferrer noopener\"><strong>Edificio Montbrillant (M) de la UIT, 2 rue de Varemb\u00e9, Ginebra&nbsp;<\/strong><\/a>.<\/p>\n<\/div><\/div><\/div><\/div>\n            <\/div>\n                    <\/div>\n    <\/section>\n                    <\/div>\n    <\/div>\n","protected":false},"excerpt":{"rendered":"","protected":false},"author":774,"featured_media":0,"parent":0,"menu_order":0,"comment_status":"closed","ping_status":"closed","template":"","meta":{"_crdt_document":"","_uag_custom_page_level_css":"","footnotes":""},"folder":[],"class_list":["post-1611","page","type-page","status-publish","hentry"],"uagb_featured_image_src":{"full":false,"thumbnail":false,"medium":false,"medium_large":false,"large":false,"1536x1536":false,"2048x2048":false,"gs-tiny":false,"xl":false,"xxl":false,"xxxl":false,"xxxxl":false,"xxxxxl":false,"gform-image-choice-sm":false,"gform-image-choice-md":false,"gform-image-choice-lg":false},"uagb_author_info":{"display_name":"kgozal","author_link":"https:\/\/itu-app42363.pagelyhosting.com\/rrb\/es\/author\/kgozal\/"},"uagb_comment_info":0,"uagb_excerpt":null,"_links":{"self":[{"href":"https:\/\/itu-app42363.pagelyhosting.com\/rrb\/es\/wp-json\/wp\/v2\/pages\/1611","targetHints":{"allow":["GET"]}}],"collection":[{"href":"https:\/\/itu-app42363.pagelyhosting.com\/rrb\/es\/wp-json\/wp\/v2\/pages"}],"about":[{"href":"https:\/\/itu-app42363.pagelyhosting.com\/rrb\/es\/wp-json\/wp\/v2\/types\/page"}],"author":[{"embeddable":true,"href":"https:\/\/itu-app42363.pagelyhosting.com\/rrb\/es\/wp-json\/wp\/v2\/users\/774"}],"replies":[{"embeddable":true,"href":"https:\/\/itu-app42363.pagelyhosting.com\/rrb\/es\/wp-json\/wp\/v2\/comments?post=1611"}],"version-history":[{"count":0,"href":"https:\/\/itu-app42363.pagelyhosting.com\/rrb\/es\/wp-json\/wp\/v2\/pages\/1611\/revisions"}],"wp:attachment":[{"href":"https:\/\/itu-app42363.pagelyhosting.com\/rrb\/es\/wp-json\/wp\/v2\/media?parent=1611"}],"wp:term":[{"taxonomy":"folder","embeddable":true,"href":"https:\/\/itu-app42363.pagelyhosting.com\/rrb\/es\/wp-json\/wp\/v2\/folder?post=1611"}],"curies":[{"name":"wp","href":"https:\/\/api.w.org\/{rel}","templated":true}]}}