{"id":2501,"date":"2025-09-09T14:00:58","date_gmt":"2025-09-09T14:00:58","guid":{"rendered":"https:\/\/itu-app42363.pagelyhosting.com\/rrb\/correspondence-groups\/approved-minutes-circular-letters\/"},"modified":"2026-01-22T08:01:52","modified_gmt":"2026-01-22T08:01:52","slug":"approved-minutes-circular-letters","status":"publish","type":"page","link":"https:\/\/itu-app42363.pagelyhosting.com\/rrb\/fr\/correspondence-groups\/approved-minutes-circular-letters\/","title":{"rendered":"Comptes Rendus approuv\u00e9s &#8211; Lettres circulaires (CR)"},"content":{"rendered":"    <div class=\"ituContainer grid\">\n        <div data-span=\"12\">\n                    <\/div>\n    <\/div>\n\n\n    <section>\n        <div class=\"ituContainer grid\">\n                                                <div data-span=\"10\">\n                    \n<figure class=\"wp-block-flexible-table-block-table is-style-stripes\"><table class=\"has-fixed-layout\"><tbody><tr><td style=\"width:100px;vertical-align:top\"><strong>\u200b<a href=\"https:\/\/www.itu.int\/md\/R00-CR-CIR-0527\/fr\">CR\/527\u200b<\/a><\/strong><\/td><td style=\"width:25%;vertical-align:top\">20 janvier 2026<\/td><td style=\"vertical-align:top\">\u200bProc\u00e8s-verbal de la 100\u00e8me r\u00e9union du Comit\u00e9 du R\u00e8glement des&nbsp;radiocommunications &#8211;&nbsp;(10 &#8211; 14 novembre&nbsp;2025)<\/td><\/tr><tr><th style=\"width:100px;vertical-align:top\"><a href=\"https:\/\/www.itu.int\/md\/R00-CR-CIR-0523\/fr\">CR\/523\u200b<\/a><\/th><td style=\"width:25%;vertical-align:top\">\u200b1 octobre 2025<\/td><td style=\"vertical-align:top\">\u200b\u200bProc\u00e8s-verbal de la 99\u00e8me r\u00e9union du Comit\u00e9 du R\u00e8glement des radiocommunications &#8211;&nbsp;(14 &#8211; 18 juillet 2025)<\/td><\/tr><tr><th style=\"width:100px;vertical-align:top\"><a href=\"https:\/\/www.itu.int\/md\/R00-CR-CIR-0518\/fr\">CR\/518\u200b<\/a><br><br><\/th><td style=\"width:25%;vertical-align:top\">\u200b4 juin 2025<\/td><td style=\"vertical-align:top\">\u200bProc\u00e8s-verbal de la 98\u00e8me r\u00e9union du Comit\u00e9 du R\u00e8glement des radiocommunications &#8211;&nbsp;(17 &#8211; 21 mars 2025)<\/td><\/tr><tr><th style=\"width:100px;vertical-align:top\">\u200b\u200b\u200b<a href=\"https:\/\/www.itu.int\/md\/R00-CR-CIR-0514\/fr\">CR\/514\u200b<\/a><br><\/th><td style=\"width:25%;vertical-align:top\">\u200b\u200b7 f\u00e9vrier 2025\u200b<\/td><td style=\"vertical-align:top\">\u200bProc\u00e8s-verbal de la 97\u00e8me r\u00e9union du Comit\u00e9 du R\u00e8glement des radiocommunications &#8211;&nbsp;(11 &#8211; 19 novembre&nbsp;2024)\u200b<\/td><\/tr><tr><th style=\"width:100px;vertical-align:top\"><a href=\"https:\/\/www.itu.int\/md\/R00-CR-CIR-0507\/fr\">CR\/507\u200b<\/a><br><\/th><td style=\"width:25%;vertical-align:top\">\u200b\u200b30 ao\u00fbt 2024<\/td><td style=\"vertical-align:top\">Proc\u00e8s-verbal de la 96\u00e8me r\u00e9union du Comit\u00e9 du R\u00e8glement des radiocommunications &#8211;&nbsp;(24 &#8211; 28 juin 2024)<\/td><\/tr><tr><th style=\"width:100px;vertical-align:top\"><a href=\"https:\/\/www.itu.int\/md\/R00-CR-CIR-0506\/fr\">CR\/506\u200b<\/a><br><\/th><td style=\"width:25%;vertical-align:top\">\u200b27 mai 2024<\/td><td style=\"vertical-align:top\">\u200bProc\u00e8s-verbal de la 95\u00e8me r\u00e9union du Comit\u00e9 du R\u00e8glement des radiocommunications &#8211; (4 &#8211; 8 mars 2024)<\/td><\/tr><tr><th style=\"width:100px;vertical-align:top\"><a href=\"https:\/\/www.itu.int\/md\/R00-CR-CIR-0502\/fr\">\u200bCR\/502<\/a><\/th><th style=\"width:25%;vertical-align:top\">\u200b12 janvier 2024<\/th><th style=\"vertical-align:top\">\u200b\u200bProc\u00e8s-verbal de la 94\u00e8me r\u00e9union du Comit\u00e9 du R\u00e8glement des radiocommunications (23 &#8211; 27 octobre 2024)<\/th><\/tr><tr><th style=\"width:100px;vertical-align:top\"><a href=\"https:\/\/www.itu.int\/md\/R00-CR-CIR-0499\/fr\">\u200bCR\/499\u200b<\/a><\/th><th style=\"width:25%;vertical-align:top\">\u200b15 septembre 2023<\/th><th style=\"vertical-align:top\">Proc\u00e8s-verbal de la 93\u00e8me r\u00e9union du Comit\u00e9 du R\u00e8glement des radiocommunications &#8211; (26 juin &#8211; 4 juillet 2023)\u200b<\/th><\/tr><tr><th style=\"width:100px;vertical-align:top\"><a href=\"https:\/\/www.itu.int\/md\/R00-CR-CIR-0497\/fr\">CR\/497<\/a><\/th><th style=\"width:25%;vertical-align:top\">\u200b19 mai 2023<\/th><th style=\"vertical-align:top\">Proc\u00e8s-verbal de la 92\u00e8me r\u00e9union du Comit\u00e9 du R\u00e8glement des radiocommunications &#8211; (20 &#8211; 24 mars 2023)<\/th><\/tr><tr><th style=\"width:100px;vertical-align:top\"><a href=\"https:\/\/www.itu.int\/md\/R00-CR-CIR-0494\/fr\">CR\/494\u200b<\/a><\/th><th style=\"width:25%;vertical-align:top\">\u200b23 janvier 2023<\/th><th style=\"vertical-align:top\">Proc\u00e8s-verbal de la 91\u00e8me r\u00e9union du Comit\u00e9 du R\u00e8glement des radiocommunications &#8211; (31 octobre &#8211; 4 novembre 2022)<\/th><\/tr><tr><th style=\"width:100px;vertical-align:top\">\u200b<a href=\"https:\/\/www.itu.int\/md\/R00-CR-CIR-0491\/fr\">CR\/491<\/a><\/th><th style=\"width:25%;vertical-align:top\">\u200b19 septembre 2022<\/th><th style=\"vertical-align:top\">Proc\u00e8s-verbal de la 90\u00e8me r\u00e9union du Comit\u00e9 du R\u00e8glement des radiocommunica\u200btions &#8211; (27 juin &#8211; 1 juillet 2022)<\/th><\/tr><tr><th style=\"width:100px;vertical-align:top\">\u200b<a href=\"https:\/\/www.itu.int\/md\/R00-CR-CIR-0487\/fr\">CR\/487<\/a><\/th><th style=\"width:25%;vertical-align:top\">\u200b\u200b17 mai 2022<\/th><th style=\"vertical-align:top\">\u200bProc\u00e8s-verbal de la 89\u00e8me r\u00e9union du Comit\u00e9 du R\u00e8glement des radiocommunications &#8211; (14 &#8211; 18 mars 2022)<\/th><\/tr><tr><th style=\"width:100px;vertical-align:top\"><a href=\"https:\/\/www.itu.int\/md\/R00-CR-CIR-0481\/fr\">CR\/481<\/a><\/th><th style=\"width:25%;vertical-align:top\">\u200b17 janvier 2022<\/th><th style=\"vertical-align:top\">\u200bProc\u00e8s-verbal de la 88\u00e8me r\u00e9union du Comit\u00e9 du R\u00e8glement des radiocommunications &#8211; (11 &#8211; 15 octobre 2021)<\/th><\/tr><tr><th style=\"width:100px;vertical-align:top\">\u200b<a href=\"https:\/\/www.itu.int\/md\/R00-CR-CIR-0478\/fr\">CR\/478<\/a><\/th><th style=\"width:25%;vertical-align:top\">\u200b10 septembre 2021<\/th><th style=\"vertical-align:top\">\u200bProc\u00e8s-verbal de la 87\u00e8me r\u00e9\u200bunion du Comit\u00e9 du R\u00e8glement des radiocommunications &#8211; (5 &#8211; 13 juillet 2021)<\/th><\/tr><tr><th style=\"width:100px;vertical-align:top\"><a href=\"https:\/\/www.itu.int\/md\/R00-CR-CIR-0477\/fr\">CR\/477<\/a><\/th><th style=\"width:25%;vertical-align:top\">31 mai 2021<\/th><th style=\"vertical-align:top\">\u200bProc\u00e8s-verbal de la 86\u00e8me r\u00e9union du Comit\u00e9 du R\u00e8glement des radiocommunications &#8211; (22 &#8211; 26 mars 2021)<\/th><\/tr><tr><th style=\"width:100px;vertical-align:top\"><a href=\"https:\/\/www.itu.int\/md\/R00-CR-CIR-0473\/fr\">\u200bCR\/473<\/a><\/th><th style=\"width:25%;vertical-align:top\">\u200b21 d\u00e9cembre 2020<\/th><th style=\"vertical-align:top\">\u200bProc\u00e8s-verbal de la 85\u00e8me r\u00e9union du Comit\u00e9 du R\u00e8glement des radiocommunications &#8211; (19 &#8211; 27 octobre 2020)<\/th><\/tr><tr><th style=\"width:100px;vertical-align:top\"><a href=\"https:\/\/www.itu.int\/md\/R00-CR-CIR-0468\/fr\">CR\/468<\/a><\/th><th style=\"width:25%;vertical-align:top\">\u200b14 septembre 2020<\/th><th style=\"vertical-align:top\">\u200bProc\u00e8s-verbal de la 84\u00e8me r\u00e9union du Comit\u00e9 du R\u00e8glement des radiocommunications &#8211; (6 &#8211; 15 juillet 2020)<\/th><\/tr><tr><th style=\"width:100px;vertical-align:top\"><a href=\"https:\/\/www.itu.int\/md\/R00-CR-CIR-0460\/fr\">CR\/460<\/a><\/th><th style=\"width:25%;vertical-align:top\">7 mai 2020<\/th><th style=\"vertical-align:top\">Proc\u00e8s-verbal de la 83\u00e8me r\u00e9union du Comit\u00e9 du R\u00e8glement des radiocommunications &#8211; (25 mars 2020)<\/th><\/tr><tr><th style=\"width:100px;vertical-align:top\"><a href=\"https:\/\/www.itu.int\/md\/R00-CR-CIR-0454\/fr\">CR\/454<\/a><\/th><th style=\"width:25%;vertical-align:top\">\u200b18 d\u00e9cembre 2019<\/th><th style=\"vertical-align:top\">\u200bProc\u00e8s-verbal de la 82\u00e8me r\u00e9union du Comit\u00e9 du R\u00e8glement des radiocommunications &#8211; (14 &#8211; 17 octobre 2019)<\/th><\/tr><tr><th style=\"width:100px;vertical-align:top\"><a href=\"https:\/\/www.itu.int\/md\/R00-CR-CIR-0449\/fr\">\u200bCR\/449<\/a><\/th><th style=\"width:25%;vertical-align:top\">16 septembre 2019<\/th><th style=\"vertical-align:top\">\u200b\u200bProc\u00e8s-verbal de la 81\u00e8me r\u00e9union du Comit\u00e9 du R\u00e8glement des radiocommunications &#8211; (15 &#8211; 19 juillet 2019)<\/th><\/tr><tr><th style=\"width:100px;vertical-align:top\"><a href=\"https:\/\/www.itu.int\/md\/R00-CR-CIR-0444\/fr\">CR\/444<\/a><\/th><th style=\"width:25%;vertical-align:top\">\u200b20 mai 2019<\/th><th style=\"vertical-align:top\">\u200bProc\u00e8s-verbal de la 80\u00e8me r\u00e9union du Comit\u00e9 du R\u00e8glement des radiocommunications &#8211; (18 &#8211; 22 mars 2019)<\/th><\/tr><tr><th style=\"width:100px;vertical-align:top\"><a href=\"https:\/\/www.itu.int\/md\/R00-CR-CIR-0440\/fr\">CR\/440<\/a><\/th><th style=\"width:25%;vertical-align:top\">\u200b12 f\u00e9vrier 2019<\/th><th style=\"vertical-align:top\">\u200bProc\u00e8s-verbal de la 79\u00e8me r\u00e9union du Comit\u00e9 du R\u00e8glement des radiocommunications &#8211; (26 &#8211; 30 novembre 2018)<\/th><\/tr><tr><th style=\"width:100px;vertical-align:top\"><a href=\"https:\/\/www.itu.int\/md\/R00-CR-CIR-0436\/fr\">\u200bCR\/436<\/a><\/th><th style=\"width:25%;vertical-align:top\">\u200b26 septembre 2018<\/th><th style=\"vertical-align:top\">\u200b\u200b\u200bProc\u00e8s-verbal de la 78\u00e8me r\u00e9union du Comit\u00e9 du R\u00e8glement des radiocommunications &#8211; (16 &#8211; 20 juillet 2018)<\/th><\/tr><tr><th style=\"width:100px;vertical-align:top\">\u200b<a href=\"https:\/\/www.itu.int\/md\/R00-CR-CIR-0429\/fr\">CR\/429<\/a><\/th><th style=\"width:25%;vertical-align:top\">\u200b30 mai 2018<\/th><th style=\"vertical-align:top\">\u200b\u200bProc\u00e8s-verbal de la 77\u00e8me r\u00e9union du Comit\u00e9 du R\u00e8glement des radiocommunications &#8211; (19 &#8211; 23 mars 2018)<\/th><\/tr><tr><th style=\"width:100px;vertical-align:top\">\u200b<a href=\"https:\/\/www.itu.int\/md\/R00-CR-CIR-0426\/fr\">CR\/426<\/a><\/th><th style=\"width:25%;vertical-align:top\">\u200b24 janvier 2018<\/th><th style=\"vertical-align:top\">\u200bProc\u00e8s-verbal de la 76\u00e8me r\u00e9union du Comit\u00e9 du R\u00e8glement des radiocommunications &#8211; (6 &#8211; 10 novembre 2017)<\/th><\/tr><tr><th style=\"width:100px;vertical-align:top\"><a href=\"https:\/\/www.itu.int\/md\/R00-CR-CIR-0421\/fr\">\u200bCR\/421<\/a><\/th><th style=\"width:25%;vertical-align:top\">\u200b26 septembre 2017<\/th><th style=\"vertical-align:top\">\u200bProc\u00e8s-verbal de la 75\u00e8me r\u00e9union du Comit\u00e9 du R\u00e8glement des radiocommunications &#8211; (17 &#8211; 21 juillet 2017)<\/th><\/tr><tr><th style=\"width:100px;vertical-align:top\"><a href=\"https:\/\/www.itu.int\/md\/R00-CR-CIR-0418\/fr\">CR\/418<\/a><\/th><th style=\"width:25%;vertical-align:top\">\u200b1er mai 2017<\/th><th style=\"vertical-align:top\">\u200bProc\u00e8s-verbal de la 74\u00e8me r\u00e9union du Comit\u00e9 du R\u00e8glement des radiocommunications &#8211; (20 &#8211; 24 f\u00e9vrier 2017)<\/th><\/tr><tr><th style=\"width:100px;vertical-align:top\"><a href=\"https:\/\/www.itu.int\/md\/R00-CR-CIR-0416\/fr\">\u200bCR\/416<\/a><\/th><th style=\"width:25%;vertical-align:top\">\u200b13 janvier 2017<\/th><th style=\"vertical-align:top\">\u200bProc\u00e8s-verbal de la 73\u00e8me r\u00e9union du Comit\u00e9 du R\u00e8glement des radiocommunications &#8211; (17 &#8211; 21 octobre 2016)<\/th><\/tr><tr><th style=\"width:100px;vertical-align:top\"><a href=\"https:\/\/www.itu.int\/md\/R00-CR-CIR-0409\/fr\">CR\/409<\/a><\/th><th style=\"width:25%;vertical-align:top\">\u200b28 juillet 2016<\/th><th style=\"vertical-align:top\">\u200bProc\u00e8s-verbal de la 72\u00e8me r\u00e9union du Comit\u00e9 du R\u00e8glement des radiocommunications &#8211; (16 &#8211; 20 mai 2016)<\/th><\/tr><tr><th style=\"width:100px;vertical-align:top\">\u200b<a href=\"https:\/\/www.itu.int\/md\/R00-CR-CIR-0398\/fr\">CR\/398<\/a><\/th><th style=\"width:25%;vertical-align:top\">\u200b15 avril 2016<\/th><th style=\"vertical-align:top\">\u200bProc\u00e8s-verbal de la 71\u00e8me r\u00e9union du Comit\u00e9 du R\u00e8glement des radiocommunications &#8211; (1 &#8211; 5 f\u00e9vrier 2016)<\/th><\/tr><tr><th style=\"width:100px;vertical-align:top\"><a href=\"https:\/\/www.itu.int\/md\/R00-CR-CIR-0387\/fr\">\u200bCR\/387<\/a><\/th><th style=\"width:25%;vertical-align:top\">\u200b17 d\u00e9cembre 2015<\/th><th style=\"vertical-align:top\">\u200b\u200bProc\u00e8s-verbal de la 70\u00e8me r\u00e9union du Comit\u00e9 du R\u00e8glement des radiocommunications &#8211; (19 &#8211; 23 octobre 2015)<\/th><\/tr><tr><th style=\"width:100px;vertical-align:top\"><a href=\"https:\/\/www.itu.int\/md\/R00-CR-CIR-0384\/fr\">CR\/384<\/a><\/th><th style=\"width:25%;vertical-align:top\">\u200b31 ao\u00fbt 2015<\/th><th style=\"vertical-align:top\">\u200bProc\u00e8s-verbal de la 69\u00e8me r\u00e9union du Comit\u00e9 du R\u00e8glement des radiocommunications &#8211; (1 &#8211; 9 juin 2015)<\/th><\/tr><tr><th style=\"width:100px;vertical-align:top\"><a href=\"https:\/\/www.itu.int\/md\/R00-CR-CIR-0382\/fr\">\u200bCR\/382<\/a><\/th><th style=\"width:25%;vertical-align:top\">\u200b6 mai 2015<\/th><th style=\"vertical-align:top\">\u200bProc\u00e8s-verbal de la 68\u00e8me r\u00e9union du Comit\u00e9 du R\u00e8glement des radiocommunications &#8211; (16 &#8211; 20 mars 2015)<\/th><\/tr><tr><th style=\"width:100px;vertical-align:top\"><a href=\"https:\/\/www.itu.int\/md\/R00-CR-CIR-0379\/fr\">CR\/379<\/a><\/th><th style=\"width:25%;vertical-align:top\">\u200b16 f\u00e9vrier 2015<\/th><th style=\"vertical-align:top\">\u200bProc\u00e8s-verbal de la 67\u00e8me r\u00e9union du Comit\u00e9 du R\u00e8glement des radiocommunications &#8211; (17 &#8211; 21 novembre 2014)<\/th><\/tr><tr><th style=\"width:100px;vertical-align:top\"><a href=\"https:\/\/www.itu.int\/md\/R00-CR-CIR-0370\/fr\">CR\/370<\/a><\/th><th style=\"width:25%;vertical-align:top\">17 octobre 2014\u200b<\/th><th style=\"vertical-align:top\">\u200bProc\u00e8s-verbal de la 66\u00e8me r\u00e9union du Comit\u00e9 du R\u00e8glement des radiocommunications &#8211; (30 juillet &#8211; 5 ao\u00fbt 2014)<\/th><\/tr><tr><th style=\"width:100px;vertical-align:top\"><a href=\"https:\/\/www.itu.int\/md\/R00-CR-CIR-0365\/fr\">\u200bCR\/365<\/a><\/th><th style=\"width:25%;vertical-align:top\">\u200b23 mai 2014<\/th><th style=\"vertical-align:top\">\u200bProc\u00e8s-verbal de la 65\u00e8me r\u00e9union du Comit\u00e9 du R\u00e8glement des radiocommunications &#8211; (17 &#8211; 21 mars 2014)<\/th><\/tr><tr><th style=\"width:100px;vertical-align:top\"><a href=\"https:\/\/www.itu.int\/md\/R00-CR-CIR-0359\/fr\">\u200bCR\/359<\/a><\/th><th style=\"width:25%;vertical-align:top\">\u200b17 f\u00e9vrier 2014<\/th><th style=\"vertical-align:top\">\u200bProc\u00e8s-verbal de la 64\u00e8me r\u00e9union du Comit\u00e9 du R\u00e8glement des radiocommunications &#8211; (27 novembre &#8211; 3 d\u00e9cembre 2013)<\/th><\/tr><tr><th style=\"width:100px;vertical-align:top\"><a href=\"https:\/\/www.itu.int\/md\/R00-CR-CIR-0352\/fr\">CR\/352\u200b<\/a><\/th><th style=\"width:25%;vertical-align:top\">\u200b23 septembre 2013<\/th><th style=\"vertical-align:top\">Proc\u00e8s-verbal de la 63\u00e8me r\u00e9union du Comit\u00e9 du R\u00e8glement des radiocommunications &#8211; (24-28 juin 2013)\u200b<\/th><\/tr><tr><th style=\"width:100px;vertical-align:top\"><a href=\"https:\/\/www.itu.int\/md\/R00-CR-CIR-0350\/fr\">CR\/350<\/a><\/th><th style=\"width:25%;vertical-align:top\">27 mai 2013<\/th><th style=\"vertical-align:top\">Proc\u00e8s-verbal de la 62\u00e8me r\u00e9union du Comit\u00e9 du R\u00e8glement des radiocommunications &#8211; (18-22 mars 2013)<\/th><\/tr><\/tbody><\/table><\/figure>\n            <\/div>\n                                                <div data-span=\"2\">\n                    <div class=\"ituContainer\">\n<figure class=\"wp-block-image size-full\"><img loading=\"lazy\" decoding=\"async\" width=\"214\" height=\"235\" src=\"https:\/\/itu-app42363.pagelyhosting.com\/rrb\/wp-content\/uploads\/sites\/72\/2025\/07\/minutes.jpg\" alt=\"\" class=\"wp-image-2396\" srcset=\"https:\/\/itu-app42363.pagelyhosting.com\/rrb\/wp-content\/uploads\/sites\/72\/2025\/07\/minutes.jpg 214w, https:\/\/itu-app42363.pagelyhosting.com\/rrb\/wp-content\/uploads\/sites\/72\/2025\/07\/minutes-50x55.jpg 50w\" sizes=\"auto, (max-width: 214px) 100vw, 214px\" \/><\/figure>\n<\/div>            <\/div>\n                    <\/div>\n    <\/section>\n","protected":false},"excerpt":{"rendered":"","protected":false},"author":5,"featured_media":0,"parent":1544,"menu_order":0,"comment_status":"closed","ping_status":"closed","template":"","meta":{"_crdt_document":"","_uag_custom_page_level_css":"","footnotes":""},"folder":[],"class_list":["post-2501","page","type-page","status-publish","hentry"],"uagb_featured_image_src":{"full":false,"thumbnail":false,"medium":false,"medium_large":false,"large":false,"1536x1536":false,"2048x2048":false,"gs-tiny":false,"xl":false,"xxl":false,"xxxl":false,"xxxxl":false,"xxxxxl":false,"gform-image-choice-sm":false,"gform-image-choice-md":false,"gform-image-choice-lg":false},"uagb_author_info":{"display_name":"mgaillard","author_link":"https:\/\/itu-app42363.pagelyhosting.com\/rrb\/fr\/author\/mgaillard\/"},"uagb_comment_info":0,"uagb_excerpt":null,"_links":{"self":[{"href":"https:\/\/itu-app42363.pagelyhosting.com\/rrb\/fr\/wp-json\/wp\/v2\/pages\/2501","targetHints":{"allow":["GET"]}}],"collection":[{"href":"https:\/\/itu-app42363.pagelyhosting.com\/rrb\/fr\/wp-json\/wp\/v2\/pages"}],"about":[{"href":"https:\/\/itu-app42363.pagelyhosting.com\/rrb\/fr\/wp-json\/wp\/v2\/types\/page"}],"author":[{"embeddable":true,"href":"https:\/\/itu-app42363.pagelyhosting.com\/rrb\/fr\/wp-json\/wp\/v2\/users\/5"}],"replies":[{"embeddable":true,"href":"https:\/\/itu-app42363.pagelyhosting.com\/rrb\/fr\/wp-json\/wp\/v2\/comments?post=2501"}],"version-history":[{"count":0,"href":"https:\/\/itu-app42363.pagelyhosting.com\/rrb\/fr\/wp-json\/wp\/v2\/pages\/2501\/revisions"}],"up":[{"embeddable":true,"href":"https:\/\/itu-app42363.pagelyhosting.com\/rrb\/fr\/wp-json\/wp\/v2\/pages\/1544"}],"wp:attachment":[{"href":"https:\/\/itu-app42363.pagelyhosting.com\/rrb\/fr\/wp-json\/wp\/v2\/media?parent=2501"}],"wp:term":[{"taxonomy":"folder","embeddable":true,"href":"https:\/\/itu-app42363.pagelyhosting.com\/rrb\/fr\/wp-json\/wp\/v2\/folder?post=2501"}],"curies":[{"name":"wp","href":"https:\/\/api.w.org\/{rel}","templated":true}]}}